{"id":175,"date":"2022-11-03T15:21:54","date_gmt":"2022-11-03T15:21:54","guid":{"rendered":"http:\/\/akarpsgarden.se\/hem\/?page_id=175"},"modified":"2025-04-05T14:46:12","modified_gmt":"2025-04-05T14:46:12","slug":"akarpsgarden-angus","status":"publish","type":"page","link":"http:\/\/akarpsgarden.se\/hem\/?page_id=175","title":{"rendered":"\u00c5karpsg\u00e5rden Angus"},"content":{"rendered":"<p><a href=\"http:\/\/akarpsgarden.se\/hem\/wp-content\/uploads\/2022\/11\/cow_right_face-21.gif\"><img decoding=\"async\" loading=\"lazy\" class=\"size-medium wp-image-179 aligncenter\" src=\"http:\/\/akarpsgarden.se\/hem\/wp-content\/uploads\/2022\/11\/cow_right_face-21-300x202.gif\" alt=\"cow_right_face 21\" width=\"300\" height=\"202\"><\/a><\/p>\n<p><\/p>\n<p>Angus har funnits p\u00e5 \u00c5karpsg\u00e5rden sedan 2015. De f\u00f6rsta tre kvigorna k\u00f6ptes fr\u00e5n Per Persson, Stehag Angus. Linjerna som vi fastnade f\u00f6r var Bonnie, Grace och Red Miss Freya och det \u00e4r fortfarande de enda m\u00f6dernelinjer vi har. Tullamore av Sj\u00f6v\u00e5ngen \u00e4r den stamtjur vi anv\u00e4nt framf\u00f6rallt i v\u00e5r avel. Tullamore var en fantastisk och komplett individ.<br>V\u00e4lkommen in bland v\u00e5r virtuella angusbes\u00e4ttning!<\/p>\n<p><\/p>\n\n\n<div class=\"wp-block-media-text alignwide is-stacked-on-mobile\"><figure class=\"wp-block-media-text__media\"><img decoding=\"async\" src=\"http:\/\/akarpsgarden.se\/hem\/wp-content\/uploads\/2025\/03\/IMG_2537.heic\" alt=\"\" class=\"wp-image-296 size-full\"\/><\/figure><div class=\"wp-block-media-text__content\">\n<p class=\"has-medium-font-size\"><strong>Camaro av Davidstorp<\/strong><br>far till nedanst\u00e5ende tjurar<\/p>\n<\/div><\/div>\n\n\n\n<p><\/p>\n\n\n\n<p><\/p>\n\n\n\n<h1>Till salu<\/h1>\n\n\n\n<p><\/p>\n\n\n\n<h2>Tjurar f\u00f6dda 2023<\/h2>\n\n\n\n<p>2023 hade vi inget bra foder till v\u00e5ra tjurar och deras tillv\u00e4xt blev lidande. Generna \u00e4r dock utm\u00e4rkta. P\u00e5 samtliga bilder av tjurar f\u00f6dda 2024 \u00e4r det Camaro av Davidstorp som tv\u00e5\u00e5ring.<\/p>\n\n\n\n<div class=\"wp-block-media-text alignwide has-media-on-the-right is-stacked-on-mobile\"><div class=\"wp-block-media-text__content\">\n<p><strong>S\u00e5ld<\/strong><br>2307 Escalade av \u00c5karpsg\u00e5rden<br>Eskalade \u00e4r en s\u00e4rdeles lugn tjur. 1902 Bonnie av \u00c5karpsg\u00e5rden som mor, en riktigt bra ko och Vernersonen Camaro av Davidstorp som far. Mycket mj\u00f6lk p\u00e5 m\u00f6dernet och muskelmassan fr\u00e5n fadern. Escalade \u00e4r helbror till kvigan som blev b\u00e4st i ras p\u00e5 Elmia i h\u00f6stas. <\/p>\n\n\n\n<div class=\"is-layout-flex wp-block-buttons\">\n<div class=\"wp-block-button\"><a class=\"wp-block-button__link wp-element-button\" href=\"http:\/\/akarpsgarden.se\/hem\/wp-content\/uploads\/2025\/03\/2307-tittbild-25.aspx_.pdf\">Tittbild<\/a><\/div>\n<\/div>\n<\/div><figure class=\"wp-block-media-text__media\"><img decoding=\"async\" loading=\"lazy\" width=\"1024\" height=\"768\" src=\"http:\/\/akarpsgarden.se\/hem\/wp-content\/uploads\/2025\/02\/2307-tjuren-Escalade-1024x768.jpg\" alt=\"\" class=\"wp-image-254 size-full\" srcset=\"http:\/\/akarpsgarden.se\/hem\/wp-content\/uploads\/2025\/02\/2307-tjuren-Escalade-1024x768.jpg 1024w, http:\/\/akarpsgarden.se\/hem\/wp-content\/uploads\/2025\/02\/2307-tjuren-Escalade-300x225.jpg 300w, http:\/\/akarpsgarden.se\/hem\/wp-content\/uploads\/2025\/02\/2307-tjuren-Escalade-768x576.jpg 768w, http:\/\/akarpsgarden.se\/hem\/wp-content\/uploads\/2025\/02\/2307-tjuren-Escalade-1536x1152.jpg 1536w, http:\/\/akarpsgarden.se\/hem\/wp-content\/uploads\/2025\/02\/2307-tjuren-Escalade-2048x1536.jpg 2048w, http:\/\/akarpsgarden.se\/hem\/wp-content\/uploads\/2025\/02\/2307-tjuren-Escalade-795x596.jpg 795w\" sizes=\"(max-width: 1024px) 100vw, 1024px\" \/><\/figure><\/div>\n\n\n\n<div class=\"wp-block-media-text alignwide is-stacked-on-mobile\"><figure class=\"wp-block-media-text__media\"><img decoding=\"async\" loading=\"lazy\" width=\"1024\" height=\"768\" src=\"http:\/\/akarpsgarden.se\/hem\/wp-content\/uploads\/2025\/02\/2310-tjur-Eucalyptus-1024x768.jpg\" alt=\"\" class=\"wp-image-261 size-full\" srcset=\"http:\/\/akarpsgarden.se\/hem\/wp-content\/uploads\/2025\/02\/2310-tjur-Eucalyptus-1024x768.jpg 1024w, http:\/\/akarpsgarden.se\/hem\/wp-content\/uploads\/2025\/02\/2310-tjur-Eucalyptus-300x225.jpg 300w, http:\/\/akarpsgarden.se\/hem\/wp-content\/uploads\/2025\/02\/2310-tjur-Eucalyptus-768x576.jpg 768w, http:\/\/akarpsgarden.se\/hem\/wp-content\/uploads\/2025\/02\/2310-tjur-Eucalyptus-1536x1152.jpg 1536w, http:\/\/akarpsgarden.se\/hem\/wp-content\/uploads\/2025\/02\/2310-tjur-Eucalyptus-2048x1536.jpg 2048w, http:\/\/akarpsgarden.se\/hem\/wp-content\/uploads\/2025\/02\/2310-tjur-Eucalyptus-795x596.jpg 795w\" sizes=\"(max-width: 1024px) 100vw, 1024px\" \/><\/figure><div class=\"wp-block-media-text__content\">\n<p><strong>S\u00e5ld<\/strong><br>2310 Eucalyptus av \u00c5karpsg\u00e5rden<br>Camaro av Davidstorp \u00e4r far och 1904 Bonnie av \u00c5karpsg\u00e5rden \u00e4r mor. Systern 2406 Bonnie av \u00c5karpsg\u00e5rden fick god kritik p\u00e5 Elmia i h\u00f6stas.<\/p>\n\n\n\n<div class=\"is-layout-flex wp-block-buttons\">\n<div class=\"wp-block-button\"><a class=\"wp-block-button__link wp-element-button\" href=\"http:\/\/akarpsgarden.se\/hem\/wp-content\/uploads\/2025\/03\/2310-tittbild-25.aspx_.pdf\">Tittbild<\/a><\/div>\n<\/div>\n<\/div><\/div>\n\n\n\n<div class=\"wp-block-media-text alignwide has-media-on-the-right is-stacked-on-mobile\"><div class=\"wp-block-media-text__content\">\n<p class=\"has-text-align-left\"><strong>S\u00e5ld<\/strong><br>2313 Extra av \u00c5karpsg\u00e5rden<br>Extra har Camaro av Davidstorp som fader, p\u00e5 m\u00f6dernet \u00e4r det lite l\u00e4gre kor men med riktigt bra tillv\u00e4xt. <\/p>\n\n\n\n<div class=\"is-layout-flex wp-block-buttons\">\n<div class=\"wp-block-button\"><a class=\"wp-block-button__link wp-element-button\" href=\"http:\/\/akarpsgarden.se\/hem\/wp-content\/uploads\/2025\/03\/2313-tittbild-25.aspx_.pdf\">Tittbild<\/a><\/div>\n<\/div>\n<\/div><figure class=\"wp-block-media-text__media\"><img decoding=\"async\" loading=\"lazy\" width=\"1024\" height=\"768\" src=\"http:\/\/akarpsgarden.se\/hem\/wp-content\/uploads\/2025\/02\/2113-tjur-Extra-1024x768.jpg\" alt=\"\" class=\"wp-image-268 size-full\" srcset=\"http:\/\/akarpsgarden.se\/hem\/wp-content\/uploads\/2025\/02\/2113-tjur-Extra-1024x768.jpg 1024w, http:\/\/akarpsgarden.se\/hem\/wp-content\/uploads\/2025\/02\/2113-tjur-Extra-300x225.jpg 300w, http:\/\/akarpsgarden.se\/hem\/wp-content\/uploads\/2025\/02\/2113-tjur-Extra-768x576.jpg 768w, http:\/\/akarpsgarden.se\/hem\/wp-content\/uploads\/2025\/02\/2113-tjur-Extra-1536x1152.jpg 1536w, http:\/\/akarpsgarden.se\/hem\/wp-content\/uploads\/2025\/02\/2113-tjur-Extra-2048x1536.jpg 2048w, http:\/\/akarpsgarden.se\/hem\/wp-content\/uploads\/2025\/02\/2113-tjur-Extra-795x596.jpg 795w\" sizes=\"(max-width: 1024px) 100vw, 1024px\" \/><\/figure><\/div>\n\n\n\n<h2>Tjurar f\u00f6dda 2024<\/h2>\n\n\n\n<p>Tjurarna f\u00f6dda 2024 har f\u00e5tt b\u00e4ttre foder \u00e4n sina br\u00f6der fr\u00e5n 2023 och ger en mer r\u00e4ttvisande bild av sin genetik. P\u00e5 bilderna nedan \u00e4r det tjurarnas far Camaro av Davidstorp som tv\u00e5\u00e5ring.<\/p>\n\n\n\n<div class=\"wp-block-media-text alignwide is-stacked-on-mobile\" style=\"grid-template-columns:40% auto\"><figure class=\"wp-block-media-text__media\"><img decoding=\"async\" loading=\"lazy\" width=\"1024\" height=\"768\" src=\"http:\/\/akarpsgarden.se\/hem\/wp-content\/uploads\/2025\/03\/2407-1024x768.jpg\" alt=\"\" class=\"wp-image-305 size-full\" srcset=\"http:\/\/akarpsgarden.se\/hem\/wp-content\/uploads\/2025\/03\/2407-1024x768.jpg 1024w, http:\/\/akarpsgarden.se\/hem\/wp-content\/uploads\/2025\/03\/2407-300x225.jpg 300w, http:\/\/akarpsgarden.se\/hem\/wp-content\/uploads\/2025\/03\/2407-768x576.jpg 768w, http:\/\/akarpsgarden.se\/hem\/wp-content\/uploads\/2025\/03\/2407-1536x1152.jpg 1536w, http:\/\/akarpsgarden.se\/hem\/wp-content\/uploads\/2025\/03\/2407-2048x1536.jpg 2048w, http:\/\/akarpsgarden.se\/hem\/wp-content\/uploads\/2025\/03\/2407-795x596.jpg 795w\" sizes=\"(max-width: 1024px) 100vw, 1024px\" \/><\/figure><div class=\"wp-block-media-text__content\">\n<p><strong>S\u00c5LD<\/strong><br>2407 Ferdinand av \u00c5karpsg\u00e5rden <br>mor \u00e4r 2011 Bonnie av \u00c5karpsg\u00e5rden, en rej\u00e4l ko med fr\u00e5n en mycket sansad kolinje. Far \u00e4r \u00e4ven h\u00e4r Camaro av Davidstorp. <\/p>\n\n\n\n<div class=\"is-content-justification-left is-layout-flex wp-container-4 wp-block-buttons\">\n<div class=\"wp-block-button is-style-fill\"><a class=\"wp-block-button__link wp-element-button\" href=\"http:\/\/akarpsgarden.se\/hem\/wp-content\/uploads\/2025\/03\/2407-tittbild.aspx_.pdf\">Tittbild<\/a><\/div>\n<\/div>\n<\/div><\/div>\n\n\n\n<div class=\"wp-block-media-text alignwide has-media-on-the-right is-stacked-on-mobile\"><div class=\"wp-block-media-text__content\">\n<p>2408 <br>1303 Grace av Stehag \u00e4r framf\u00f6rallt en klockren ko. 12 \u00e5r gammal och 10 riktigt bra  kalvar senare \u00e4r hon dessutom i riktigt bra skick. Far \u00e4r Camaro av Davidstorp. En bra kombination.<\/p>\n\n\n\n<div class=\"is-layout-flex wp-block-buttons\">\n<div class=\"wp-block-button\"><a class=\"wp-block-button__link wp-element-button\" href=\"http:\/\/akarpsgarden.se\/hem\/wp-content\/uploads\/2025\/03\/2408-tittbild.aspx_.pdf\">Tittbild<\/a><\/div>\n<\/div>\n<\/div><figure class=\"wp-block-media-text__media\"><img decoding=\"async\" loading=\"lazy\" width=\"1024\" height=\"768\" src=\"http:\/\/akarpsgarden.se\/hem\/wp-content\/uploads\/2025\/03\/2408-1024x768.jpg\" alt=\"\" class=\"wp-image-303 size-full\" srcset=\"http:\/\/akarpsgarden.se\/hem\/wp-content\/uploads\/2025\/03\/2408-1024x768.jpg 1024w, http:\/\/akarpsgarden.se\/hem\/wp-content\/uploads\/2025\/03\/2408-300x225.jpg 300w, http:\/\/akarpsgarden.se\/hem\/wp-content\/uploads\/2025\/03\/2408-768x576.jpg 768w, http:\/\/akarpsgarden.se\/hem\/wp-content\/uploads\/2025\/03\/2408-1536x1152.jpg 1536w, http:\/\/akarpsgarden.se\/hem\/wp-content\/uploads\/2025\/03\/2408-2048x1536.jpg 2048w, http:\/\/akarpsgarden.se\/hem\/wp-content\/uploads\/2025\/03\/2408-795x596.jpg 795w\" sizes=\"(max-width: 1024px) 100vw, 1024px\" \/><\/figure><\/div>\n\n\n\n<div class=\"wp-block-media-text alignwide is-stacked-on-mobile\"><figure class=\"wp-block-media-text__media\"><img decoding=\"async\" loading=\"lazy\" width=\"1024\" height=\"768\" src=\"http:\/\/akarpsgarden.se\/hem\/wp-content\/uploads\/2025\/03\/2409-1024x768.jpg\" alt=\"\" class=\"wp-image-304 size-full\" srcset=\"http:\/\/akarpsgarden.se\/hem\/wp-content\/uploads\/2025\/03\/2409-1024x768.jpg 1024w, http:\/\/akarpsgarden.se\/hem\/wp-content\/uploads\/2025\/03\/2409-300x225.jpg 300w, http:\/\/akarpsgarden.se\/hem\/wp-content\/uploads\/2025\/03\/2409-768x576.jpg 768w, http:\/\/akarpsgarden.se\/hem\/wp-content\/uploads\/2025\/03\/2409-1536x1152.jpg 1536w, http:\/\/akarpsgarden.se\/hem\/wp-content\/uploads\/2025\/03\/2409-2048x1536.jpg 2048w, http:\/\/akarpsgarden.se\/hem\/wp-content\/uploads\/2025\/03\/2409-795x596.jpg 795w\" sizes=\"(max-width: 1024px) 100vw, 1024px\" \/><\/figure><div class=\"wp-block-media-text__content\">\n<p><strong>S\u00e5ld<\/strong><br>2409  av \u00c5karpsg\u00e5rden<br>Mor \u00e4r 1804 Grace av \u00c5karpsg\u00e5rden som producerat v\u00e4ldigt bra avkommor. 1804 \u00e4r mormor till supertrevliga Fandango av Knutsta, p\u00e5 \u00e5rets pr\u00f6vning.<br>Far \u00e4r Camaro av Davidstorp. <\/p>\n\n\n\n<div class=\"is-layout-flex wp-block-buttons\">\n<div class=\"wp-block-button\"><a class=\"wp-block-button__link wp-element-button\" href=\"http:\/\/akarpsgarden.se\/hem\/wp-content\/uploads\/2025\/03\/2409-tittbild.aspx_.pdf\">Tittbild<\/a><\/div>\n<\/div>\n<\/div><\/div>\n\n\n\n<figure class=\"wp-block-image\"><img alt=\"\"\/><\/figure>\n","protected":false},"excerpt":{"rendered":"<p>Angus har funnits p\u00e5 \u00c5karpsg\u00e5rden sedan 2015. De f\u00f6rsta tre kvigorna k\u00f6ptes fr\u00e5n Per Persson, Stehag Angus. Linjerna som vi [&hellip;]<\/p>\n","protected":false},"author":1,"featured_media":0,"parent":0,"menu_order":2,"comment_status":"open","ping_status":"open","template":"","meta":[],"_links":{"self":[{"href":"http:\/\/akarpsgarden.se\/hem\/index.php?rest_route=\/wp\/v2\/pages\/175"}],"collection":[{"href":"http:\/\/akarpsgarden.se\/hem\/index.php?rest_route=\/wp\/v2\/pages"}],"about":[{"href":"http:\/\/akarpsgarden.se\/hem\/index.php?rest_route=\/wp\/v2\/types\/page"}],"author":[{"embeddable":true,"href":"http:\/\/akarpsgarden.se\/hem\/index.php?rest_route=\/wp\/v2\/users\/1"}],"replies":[{"embeddable":true,"href":"http:\/\/akarpsgarden.se\/hem\/index.php?rest_route=%2Fwp%2Fv2%2Fcomments&post=175"}],"version-history":[{"count":45,"href":"http:\/\/akarpsgarden.se\/hem\/index.php?rest_route=\/wp\/v2\/pages\/175\/revisions"}],"predecessor-version":[{"id":312,"href":"http:\/\/akarpsgarden.se\/hem\/index.php?rest_route=\/wp\/v2\/pages\/175\/revisions\/312"}],"wp:attachment":[{"href":"http:\/\/akarpsgarden.se\/hem\/index.php?rest_route=%2Fwp%2Fv2%2Fmedia&parent=175"}],"curies":[{"name":"wp","href":"https:\/\/api.w.org\/{rel}","templated":true}]}}